 {"id":2469,"date":"2021-12-10T12:36:08","date_gmt":"2021-12-10T10:36:08","guid":{"rendered":"http:\/\/localhost\/arxiusoberts.cat\/ca\/?post_type=arxius&#038;p=2469"},"modified":"2022-02-04T13:09:32","modified_gmt":"2022-02-04T11:09:32","slug":"fidula-contralt","status":"publish","type":"arxius","link":"https:\/\/arxiusoberts.gir.cat\/ca\/arxiu\/fidula-contralt\/","title":{"rendered":"f\u00eddula contralt"},"content":{"rendered":"<p>\u00c9s una f\u00eddula de quatre cordes simples constru\u00efda al segle XX a partir de models medievals. \u00c9s obra d\u2019Ignacio Fleta, (1897-1977), un lutier originari de Huesa del Com\u00fan (Terol) i pertanyent a una fam\u00edlia d\u2019ebenistes. Es va traslladar a Barcelona amb els seus germans on estudi\u00e0 la construcci\u00f3 de violins, violoncels i contrabaixos amb Benito Jaume i \u00c9tienne Maire Clar\u00e0. Despr\u00e9s d&#8217;un per\u00edode de formaci\u00f3 a Fran\u00e7a al taller de Philippe Le Duc, torn\u00e0 a Barcelona per instal\u00b7lar, juntament amb els seus germans, un taller dedicat a la construcci\u00f3 de violins i violoncels. M\u00e9s tard, cap el 1955,  va decidir dedicar-se exclusivament a la fabricaci\u00f3 de guitarres aconseguint molt d\u2019\u00e8xit. Va copiar una guitarra Torres que havia estat de Francesc T\u00e0rrega i del seu taller van sortir un bon nombre d&#8217;instruments inspirats en models antics, productes d\u2019un enc\u00e0rrec de l\u2019agrupaci\u00f3 musical Ars Musicae, col\u00b7lecci\u00f3 que es conserva pr\u00e0cticament \u00edntegra al Museu de la M\u00fasica de Barcelona. Tamb\u00e9 va construir instruments dedicats a Andr\u00e9s Segovia, John Williams i Jorge Morel, entre d\u2019altres (Viquip\u00e8dia).<\/p>\n<p>La taula harm\u00f2nica, bombada i amb forma de vuit, \u00e9s d\u2019avet i est\u00e0 decorada amb incrustacions de marqueteria de diferents fustes en forma de quatre elements geom\u00e8trics rombo\u00efdals decorats distribu\u00efts per tota la superf\u00edcie. T\u00e9 dues obertures ac\u00fastiques allargades i no t\u00e9 \u00e0nima. El fons, tamb\u00e9 bombat, els riscles i el m\u00e0nec s\u00f3n d\u2019aur\u00f3 i el claviller \u00e9s pla. El batedor, amb trasts m\u00f2bils, i el cordal s\u00f3n de palissandre, amb marqueteria de palissandre i d\u2019aur\u00f3. La superf\u00edcie est\u00e0 envernissada amb alcohol.<\/p>\n","protected":false},"featured_media":2470,"template":"","yoast_head":"<!-- This site is optimized with the Yoast SEO plugin v21.7 - https:\/\/yoast.com\/wordpress\/plugins\/seo\/ -->\n<title>f\u00eddula contralt - Arxius Oberts<\/title>\n<meta name=\"robots\" content=\"index, follow, max-snippet:-1, max-image-preview:large, max-video-preview:-1\" \/>\n<link rel=\"canonical\" href=\"https:\/\/arxiusoberts.gir.cat\/ca\/arxiu\/fidula-contralt\/\" \/>\n<meta property=\"og:locale\" content=\"ca_ES\" \/>\n<meta property=\"og:type\" content=\"article\" \/>\n<meta property=\"og:title\" content=\"f\u00eddula contralt - Arxius Oberts\" \/>\n<meta property=\"og:description\" content=\"\u00c9s una f\u00eddula de quatre cordes simples constru\u00efda al segle XX a partir de models medievals. \u00c9s obra d\u2019Ignacio Fleta, (1897-1977), un lutier originari de Huesa del Com\u00fan (Terol) i pertanyent a una fam\u00edlia d\u2019ebenistes. Es va traslladar a Barcelona amb els seus germans on estudi\u00e0 la construcci\u00f3 de violins, violoncels i contrabaixos amb Benito [&hellip;]\" \/>\n<meta property=\"og:url\" content=\"https:\/\/arxiusoberts.gir.cat\/ca\/arxiu\/fidula-contralt\/\" \/>\n<meta property=\"og:site_name\" content=\"Arxius Oberts\" \/>\n<meta property=\"article:modified_time\" content=\"2022-02-04T11:09:32+00:00\" \/>\n<meta property=\"og:image\" content=\"https:\/\/arxiusoberts.gir.cat\/wp-content\/uploads\/2021\/12\/https3A2F2Fcoeli-icub-hum.s3-eu-west-1.amazonaws.com2Fpublic2FHeritageObject2FH3094612F9a3b0bfdf081382819d369f0eef73a732Ffull2Foriginal2F02Fdefault.jpg\" \/>\n\t<meta property=\"og:image:width\" content=\"522\" \/>\n\t<meta property=\"og:image:height\" content=\"800\" \/>\n\t<meta property=\"og:image:type\" content=\"image\/jpeg\" \/>\n<meta name=\"twitter:card\" content=\"summary_large_image\" \/>\n<meta name=\"twitter:label1\" content=\"Temps estimat de lectura\" \/>\n\t<meta name=\"twitter:data1\" content=\"1 minut\" \/>\n<script type=\"application\/ld+json\" class=\"yoast-schema-graph\">{\"@context\":\"https:\/\/schema.org\",\"@graph\":[{\"@type\":\"WebPage\",\"@id\":\"https:\/\/arxiusoberts.gir.cat\/ca\/arxiu\/fidula-contralt\/\",\"url\":\"https:\/\/arxiusoberts.gir.cat\/ca\/arxiu\/fidula-contralt\/\",\"name\":\"f\u00eddula contralt - Arxius Oberts\",\"isPartOf\":{\"@id\":\"https:\/\/arxiusoberts.gir.cat\/ca\/#website\"},\"datePublished\":\"2021-12-10T10:36:08+00:00\",\"dateModified\":\"2022-02-04T11:09:32+00:00\",\"breadcrumb\":{\"@id\":\"https:\/\/arxiusoberts.gir.cat\/ca\/arxiu\/fidula-contralt\/#breadcrumb\"},\"inLanguage\":\"ca\",\"potentialAction\":[{\"@type\":\"ReadAction\",\"target\":[\"https:\/\/arxiusoberts.gir.cat\/ca\/arxiu\/fidula-contralt\/\"]}]},{\"@type\":\"BreadcrumbList\",\"@id\":\"https:\/\/arxiusoberts.gir.cat\/ca\/arxiu\/fidula-contralt\/#breadcrumb\",\"itemListElement\":[{\"@type\":\"ListItem\",\"position\":1,\"name\":\"Inici\",\"item\":\"https:\/\/arxiusoberts.gir.cat\/ca\/\"},{\"@type\":\"ListItem\",\"position\":2,\"name\":\"f\u00eddula contralt\"}]},{\"@type\":\"WebSite\",\"@id\":\"https:\/\/arxiusoberts.gir.cat\/ca\/#website\",\"url\":\"https:\/\/arxiusoberts.gir.cat\/ca\/\",\"name\":\"Arxius Oberts\",\"description\":\"Narratives comunit\u00e0ries de Barcelona\",\"potentialAction\":[{\"@type\":\"SearchAction\",\"target\":{\"@type\":\"EntryPoint\",\"urlTemplate\":\"https:\/\/arxiusoberts.gir.cat\/ca\/?s={search_term_string}\"},\"query-input\":\"required name=search_term_string\"}],\"inLanguage\":\"ca\"}]}<\/script>\n<!-- \/ Yoast SEO plugin. -->","yoast_head_json":{"title":"f\u00eddula contralt - Arxius Oberts","robots":{"index":"index","follow":"follow","max-snippet":"max-snippet:-1","max-image-preview":"max-image-preview:large","max-video-preview":"max-video-preview:-1"},"canonical":"https:\/\/arxiusoberts.gir.cat\/ca\/arxiu\/fidula-contralt\/","og_locale":"ca_ES","og_type":"article","og_title":"f\u00eddula contralt - Arxius Oberts","og_description":"\u00c9s una f\u00eddula de quatre cordes simples constru\u00efda al segle XX a partir de models medievals. \u00c9s obra d\u2019Ignacio Fleta, (1897-1977), un lutier originari de Huesa del Com\u00fan (Terol) i pertanyent a una fam\u00edlia d\u2019ebenistes. Es va traslladar a Barcelona amb els seus germans on estudi\u00e0 la construcci\u00f3 de violins, violoncels i contrabaixos amb Benito [&hellip;]","og_url":"https:\/\/arxiusoberts.gir.cat\/ca\/arxiu\/fidula-contralt\/","og_site_name":"Arxius Oberts","article_modified_time":"2022-02-04T11:09:32+00:00","og_image":[{"width":522,"height":800,"url":"https:\/\/arxiusoberts.gir.cat\/wp-content\/uploads\/2021\/12\/https3A2F2Fcoeli-icub-hum.s3-eu-west-1.amazonaws.com2Fpublic2FHeritageObject2FH3094612F9a3b0bfdf081382819d369f0eef73a732Ffull2Foriginal2F02Fdefault.jpg","type":"image\/jpeg"}],"twitter_card":"summary_large_image","twitter_misc":{"Temps estimat de lectura":"1 minut"},"schema":{"@context":"https:\/\/schema.org","@graph":[{"@type":"WebPage","@id":"https:\/\/arxiusoberts.gir.cat\/ca\/arxiu\/fidula-contralt\/","url":"https:\/\/arxiusoberts.gir.cat\/ca\/arxiu\/fidula-contralt\/","name":"f\u00eddula contralt - Arxius Oberts","isPartOf":{"@id":"https:\/\/arxiusoberts.gir.cat\/ca\/#website"},"datePublished":"2021-12-10T10:36:08+00:00","dateModified":"2022-02-04T11:09:32+00:00","breadcrumb":{"@id":"https:\/\/arxiusoberts.gir.cat\/ca\/arxiu\/fidula-contralt\/#breadcrumb"},"inLanguage":"ca","potentialAction":[{"@type":"ReadAction","target":["https:\/\/arxiusoberts.gir.cat\/ca\/arxiu\/fidula-contralt\/"]}]},{"@type":"BreadcrumbList","@id":"https:\/\/arxiusoberts.gir.cat\/ca\/arxiu\/fidula-contralt\/#breadcrumb","itemListElement":[{"@type":"ListItem","position":1,"name":"Inici","item":"https:\/\/arxiusoberts.gir.cat\/ca\/"},{"@type":"ListItem","position":2,"name":"f\u00eddula contralt"}]},{"@type":"WebSite","@id":"https:\/\/arxiusoberts.gir.cat\/ca\/#website","url":"https:\/\/arxiusoberts.gir.cat\/ca\/","name":"Arxius Oberts","description":"Narratives comunit\u00e0ries de Barcelona","potentialAction":[{"@type":"SearchAction","target":{"@type":"EntryPoint","urlTemplate":"https:\/\/arxiusoberts.gir.cat\/ca\/?s={search_term_string}"},"query-input":"required name=search_term_string"}],"inLanguage":"ca"}]}},"_links":{"self":[{"href":"https:\/\/arxiusoberts.gir.cat\/ca\/wp-json\/wp\/v2\/arxius\/2469"}],"collection":[{"href":"https:\/\/arxiusoberts.gir.cat\/ca\/wp-json\/wp\/v2\/arxius"}],"about":[{"href":"https:\/\/arxiusoberts.gir.cat\/ca\/wp-json\/wp\/v2\/types\/arxius"}],"wp:featuredmedia":[{"embeddable":true,"href":"https:\/\/arxiusoberts.gir.cat\/ca\/wp-json\/wp\/v2\/media\/2470"}],"wp:attachment":[{"href":"https:\/\/arxiusoberts.gir.cat\/ca\/wp-json\/wp\/v2\/media?parent=2469"}],"curies":[{"name":"wp","href":"https:\/\/api.w.org\/{rel}","templated":true}]}}