 {"id":2527,"date":"2021-12-10T12:36:08","date_gmt":"2021-12-10T10:36:08","guid":{"rendered":"http:\/\/localhost\/arxiusoberts.cat\/ca\/?post_type=arxius&#038;p=2527"},"modified":"2022-02-04T13:09:33","modified_gmt":"2022-02-04T11:09:33","slug":"guitarra-2","status":"publish","type":"arxius","link":"https:\/\/arxiusoberts.gir.cat\/ca\/arxiu\/guitarra-2\/","title":{"rendered":"guitarra"},"content":{"rendered":"<p>\u00c9s una guitarra de sis cordes simples constru\u00efda per Pedro P\u00e9rez, un lutier nascut a Val\u00e8ncia per\u00f2 que va establir el seu taller a Barcelona. Tal com diu l\u2019etiqueta de l\u2019instrument, era constructor de guitarres, laudes i band\u00farries i fou actiu durant les primeres d\u00e8cades del segle XX (Romanillos, Winspear, 2002).<\/p>\n<p>La taula harm\u00f2nica, en forma de vuit, \u00e9s de p\u00edcea amb filets de marqueteria de fusta clara i fosca. Aquesta mateixa decoraci\u00f3 la trobem a l\u2019obertura ac\u00fastica en forma de cercles conc\u00e8ntrics entre els quals destaquen un amb motius en forma de mitja espiga i un altre, amb motius en forma d\u2019espiga. El pont, de palissandre, duu una placa de nacre a la part inferior. Els riscles i la caixa s\u00f3n de fusta clara mentre que el batedor, amb dinou trasts fixos i sobreposat a la taula harm\u00f2nica, \u00e9s de ban\u00fas. La pala del cap \u00e9s de palissandre i les clavilles estan ornamentades amb nacre.<\/p>\n","protected":false},"featured_media":2528,"template":"","yoast_head":"<!-- This site is optimized with the Yoast SEO plugin v21.7 - https:\/\/yoast.com\/wordpress\/plugins\/seo\/ -->\n<title>guitarra - Arxius Oberts<\/title>\n<meta name=\"robots\" content=\"index, follow, max-snippet:-1, max-image-preview:large, max-video-preview:-1\" \/>\n<link rel=\"canonical\" href=\"https:\/\/arxiusoberts.gir.cat\/ca\/arxiu\/guitarra-2\/\" \/>\n<meta property=\"og:locale\" content=\"ca_ES\" \/>\n<meta property=\"og:type\" content=\"article\" \/>\n<meta property=\"og:title\" content=\"guitarra - Arxius Oberts\" \/>\n<meta property=\"og:description\" content=\"\u00c9s una guitarra de sis cordes simples constru\u00efda per Pedro P\u00e9rez, un lutier nascut a Val\u00e8ncia per\u00f2 que va establir el seu taller a Barcelona. Tal com diu l\u2019etiqueta de l\u2019instrument, era constructor de guitarres, laudes i band\u00farries i fou actiu durant les primeres d\u00e8cades del segle XX (Romanillos, Winspear, 2002). La taula harm\u00f2nica, en [&hellip;]\" \/>\n<meta property=\"og:url\" content=\"https:\/\/arxiusoberts.gir.cat\/ca\/arxiu\/guitarra-2\/\" \/>\n<meta property=\"og:site_name\" content=\"Arxius Oberts\" \/>\n<meta property=\"article:modified_time\" content=\"2022-02-04T11:09:33+00:00\" \/>\n<meta property=\"og:image\" content=\"https:\/\/arxiusoberts.gir.cat\/wp-content\/uploads\/2021\/12\/https3A2F2Fcoeli-icub-hum.s3-eu-west-1.amazonaws.com2Fpublic2FHeritageObject2FH3091962F0b2b5919323e9b02296fb4fe9246353a2Ffull2Foriginal2F02Fdefault.jpg\" \/>\n\t<meta property=\"og:image:width\" content=\"462\" \/>\n\t<meta property=\"og:image:height\" content=\"800\" \/>\n\t<meta property=\"og:image:type\" content=\"image\/jpeg\" \/>\n<meta name=\"twitter:card\" content=\"summary_large_image\" \/>\n<meta name=\"twitter:label1\" content=\"Temps estimat de lectura\" \/>\n\t<meta name=\"twitter:data1\" content=\"1 minut\" \/>\n<script type=\"application\/ld+json\" class=\"yoast-schema-graph\">{\"@context\":\"https:\/\/schema.org\",\"@graph\":[{\"@type\":\"WebPage\",\"@id\":\"https:\/\/arxiusoberts.gir.cat\/ca\/arxiu\/guitarra-2\/\",\"url\":\"https:\/\/arxiusoberts.gir.cat\/ca\/arxiu\/guitarra-2\/\",\"name\":\"guitarra - Arxius Oberts\",\"isPartOf\":{\"@id\":\"https:\/\/arxiusoberts.gir.cat\/ca\/#website\"},\"datePublished\":\"2021-12-10T10:36:08+00:00\",\"dateModified\":\"2022-02-04T11:09:33+00:00\",\"breadcrumb\":{\"@id\":\"https:\/\/arxiusoberts.gir.cat\/ca\/arxiu\/guitarra-2\/#breadcrumb\"},\"inLanguage\":\"ca\",\"potentialAction\":[{\"@type\":\"ReadAction\",\"target\":[\"https:\/\/arxiusoberts.gir.cat\/ca\/arxiu\/guitarra-2\/\"]}]},{\"@type\":\"BreadcrumbList\",\"@id\":\"https:\/\/arxiusoberts.gir.cat\/ca\/arxiu\/guitarra-2\/#breadcrumb\",\"itemListElement\":[{\"@type\":\"ListItem\",\"position\":1,\"name\":\"Inici\",\"item\":\"https:\/\/arxiusoberts.gir.cat\/ca\/\"},{\"@type\":\"ListItem\",\"position\":2,\"name\":\"guitarra\"}]},{\"@type\":\"WebSite\",\"@id\":\"https:\/\/arxiusoberts.gir.cat\/ca\/#website\",\"url\":\"https:\/\/arxiusoberts.gir.cat\/ca\/\",\"name\":\"Arxius Oberts\",\"description\":\"Narratives comunit\u00e0ries de Barcelona\",\"potentialAction\":[{\"@type\":\"SearchAction\",\"target\":{\"@type\":\"EntryPoint\",\"urlTemplate\":\"https:\/\/arxiusoberts.gir.cat\/ca\/?s={search_term_string}\"},\"query-input\":\"required name=search_term_string\"}],\"inLanguage\":\"ca\"}]}<\/script>\n<!-- \/ Yoast SEO plugin. -->","yoast_head_json":{"title":"guitarra - Arxius Oberts","robots":{"index":"index","follow":"follow","max-snippet":"max-snippet:-1","max-image-preview":"max-image-preview:large","max-video-preview":"max-video-preview:-1"},"canonical":"https:\/\/arxiusoberts.gir.cat\/ca\/arxiu\/guitarra-2\/","og_locale":"ca_ES","og_type":"article","og_title":"guitarra - Arxius Oberts","og_description":"\u00c9s una guitarra de sis cordes simples constru\u00efda per Pedro P\u00e9rez, un lutier nascut a Val\u00e8ncia per\u00f2 que va establir el seu taller a Barcelona. Tal com diu l\u2019etiqueta de l\u2019instrument, era constructor de guitarres, laudes i band\u00farries i fou actiu durant les primeres d\u00e8cades del segle XX (Romanillos, Winspear, 2002). La taula harm\u00f2nica, en [&hellip;]","og_url":"https:\/\/arxiusoberts.gir.cat\/ca\/arxiu\/guitarra-2\/","og_site_name":"Arxius Oberts","article_modified_time":"2022-02-04T11:09:33+00:00","og_image":[{"width":462,"height":800,"url":"https:\/\/arxiusoberts.gir.cat\/wp-content\/uploads\/2021\/12\/https3A2F2Fcoeli-icub-hum.s3-eu-west-1.amazonaws.com2Fpublic2FHeritageObject2FH3091962F0b2b5919323e9b02296fb4fe9246353a2Ffull2Foriginal2F02Fdefault.jpg","type":"image\/jpeg"}],"twitter_card":"summary_large_image","twitter_misc":{"Temps estimat de lectura":"1 minut"},"schema":{"@context":"https:\/\/schema.org","@graph":[{"@type":"WebPage","@id":"https:\/\/arxiusoberts.gir.cat\/ca\/arxiu\/guitarra-2\/","url":"https:\/\/arxiusoberts.gir.cat\/ca\/arxiu\/guitarra-2\/","name":"guitarra - Arxius Oberts","isPartOf":{"@id":"https:\/\/arxiusoberts.gir.cat\/ca\/#website"},"datePublished":"2021-12-10T10:36:08+00:00","dateModified":"2022-02-04T11:09:33+00:00","breadcrumb":{"@id":"https:\/\/arxiusoberts.gir.cat\/ca\/arxiu\/guitarra-2\/#breadcrumb"},"inLanguage":"ca","potentialAction":[{"@type":"ReadAction","target":["https:\/\/arxiusoberts.gir.cat\/ca\/arxiu\/guitarra-2\/"]}]},{"@type":"BreadcrumbList","@id":"https:\/\/arxiusoberts.gir.cat\/ca\/arxiu\/guitarra-2\/#breadcrumb","itemListElement":[{"@type":"ListItem","position":1,"name":"Inici","item":"https:\/\/arxiusoberts.gir.cat\/ca\/"},{"@type":"ListItem","position":2,"name":"guitarra"}]},{"@type":"WebSite","@id":"https:\/\/arxiusoberts.gir.cat\/ca\/#website","url":"https:\/\/arxiusoberts.gir.cat\/ca\/","name":"Arxius Oberts","description":"Narratives comunit\u00e0ries de Barcelona","potentialAction":[{"@type":"SearchAction","target":{"@type":"EntryPoint","urlTemplate":"https:\/\/arxiusoberts.gir.cat\/ca\/?s={search_term_string}"},"query-input":"required name=search_term_string"}],"inLanguage":"ca"}]}},"_links":{"self":[{"href":"https:\/\/arxiusoberts.gir.cat\/ca\/wp-json\/wp\/v2\/arxius\/2527"}],"collection":[{"href":"https:\/\/arxiusoberts.gir.cat\/ca\/wp-json\/wp\/v2\/arxius"}],"about":[{"href":"https:\/\/arxiusoberts.gir.cat\/ca\/wp-json\/wp\/v2\/types\/arxius"}],"wp:featuredmedia":[{"embeddable":true,"href":"https:\/\/arxiusoberts.gir.cat\/ca\/wp-json\/wp\/v2\/media\/2528"}],"wp:attachment":[{"href":"https:\/\/arxiusoberts.gir.cat\/ca\/wp-json\/wp\/v2\/media?parent=2527"}],"curies":[{"name":"wp","href":"https:\/\/api.w.org\/{rel}","templated":true}]}}