 {"id":2624,"date":"2021-12-13T00:04:43","date_gmt":"2021-12-12T22:04:43","guid":{"rendered":"http:\/\/localhost\/arxiusoberts.cat\/ca\/?post_type=arxius&#038;p=2624"},"modified":"2022-02-03T19:05:56","modified_gmt":"2022-02-03T17:05:56","slug":"gerro-dels-tarongers","status":"publish","type":"arxius","link":"https:\/\/arxiusoberts.gir.cat\/ca\/arxiu\/gerro-dels-tarongers\/","title":{"rendered":"Gerro dels tarongers"},"content":{"rendered":"<p>Antoni Serra es va formar com pintor per\u00f2 va acabar dedicat-se plenament a la producci\u00f3 de cer\u00e0mica art\u00edstica despr\u00e9s de l&#8217;any de formaci\u00f3 a la Manufactura de Porcellana de S\u00e8vres. Fund\u00e0 una manufactura al Poblenou, (1904) des d&#8217;on va impulsar la cer\u00e0mica art\u00edstica a l&#8217;\u00e8poca modernista quan va col\u00b7laborar amb els millors artistes del moment: Venanci Vallmitjana, Gustave Violet, Eusebi Arnau, Enric Casanovas, Xavier Nogu\u00e9s, Pau Gargallo, Ismael Smith i Maria Rusi\u00f1ol entre altres. L&#8217;any 1907 va ser mereixedor de la Medalla de Primera Classe a la V Exposici\u00f3 Intenacional de Belles Arts de Barcelona i el Diploma d&#8217;Honor i la Medalla d&#8217;Or de l&#8217;exposici\u00f3 Internacional de Artes y Manufacturas de Madrid, aix\u00ed com el Gran Premi de Londres i la Medalla d&#8217;Or de Paris.<\/p>\n","protected":false},"featured_media":2625,"template":"","yoast_head":"<!-- This site is optimized with the Yoast SEO plugin v21.7 - https:\/\/yoast.com\/wordpress\/plugins\/seo\/ -->\n<title>Gerro dels tarongers - Arxius Oberts<\/title>\n<meta name=\"robots\" content=\"index, follow, max-snippet:-1, max-image-preview:large, max-video-preview:-1\" \/>\n<link rel=\"canonical\" href=\"https:\/\/arxiusoberts.gir.cat\/ca\/arxiu\/gerro-dels-tarongers\/\" \/>\n<meta property=\"og:locale\" content=\"ca_ES\" \/>\n<meta property=\"og:type\" content=\"article\" \/>\n<meta property=\"og:title\" content=\"Gerro dels tarongers - Arxius Oberts\" \/>\n<meta property=\"og:description\" content=\"Antoni Serra es va formar com pintor per\u00f2 va acabar dedicat-se plenament a la producci\u00f3 de cer\u00e0mica art\u00edstica despr\u00e9s de l&#8217;any de formaci\u00f3 a la Manufactura de Porcellana de S\u00e8vres. Fund\u00e0 una manufactura al Poblenou, (1904) des d&#8217;on va impulsar la cer\u00e0mica art\u00edstica a l&#8217;\u00e8poca modernista quan va col\u00b7laborar amb els millors artistes del moment: [&hellip;]\" \/>\n<meta property=\"og:url\" content=\"https:\/\/arxiusoberts.gir.cat\/ca\/arxiu\/gerro-dels-tarongers\/\" \/>\n<meta property=\"og:site_name\" content=\"Arxius Oberts\" \/>\n<meta property=\"article:modified_time\" content=\"2022-02-03T17:05:56+00:00\" \/>\n<meta property=\"og:image\" content=\"https:\/\/arxiusoberts.gir.cat\/wp-content\/uploads\/2021\/12\/https3A2F2Fcoeli-icub-hum.s3-eu-west-1.amazonaws.com2Fpublic2FHeritageObject2FH3701842Fe474a0667f6ee526618cd8f5f457f4c22Ffull2Foriginal2F02Fdefault.jpg\" \/>\n\t<meta property=\"og:image:width\" content=\"800\" \/>\n\t<meta property=\"og:image:height\" content=\"800\" \/>\n\t<meta property=\"og:image:type\" content=\"image\/jpeg\" \/>\n<meta name=\"twitter:card\" content=\"summary_large_image\" \/>\n<meta name=\"twitter:label1\" content=\"Temps estimat de lectura\" \/>\n\t<meta name=\"twitter:data1\" content=\"1 minut\" \/>\n<script type=\"application\/ld+json\" class=\"yoast-schema-graph\">{\"@context\":\"https:\/\/schema.org\",\"@graph\":[{\"@type\":\"WebPage\",\"@id\":\"https:\/\/arxiusoberts.gir.cat\/ca\/arxiu\/gerro-dels-tarongers\/\",\"url\":\"https:\/\/arxiusoberts.gir.cat\/ca\/arxiu\/gerro-dels-tarongers\/\",\"name\":\"Gerro dels tarongers - Arxius Oberts\",\"isPartOf\":{\"@id\":\"https:\/\/arxiusoberts.gir.cat\/ca\/#website\"},\"datePublished\":\"2021-12-12T22:04:43+00:00\",\"dateModified\":\"2022-02-03T17:05:56+00:00\",\"breadcrumb\":{\"@id\":\"https:\/\/arxiusoberts.gir.cat\/ca\/arxiu\/gerro-dels-tarongers\/#breadcrumb\"},\"inLanguage\":\"ca\",\"potentialAction\":[{\"@type\":\"ReadAction\",\"target\":[\"https:\/\/arxiusoberts.gir.cat\/ca\/arxiu\/gerro-dels-tarongers\/\"]}]},{\"@type\":\"BreadcrumbList\",\"@id\":\"https:\/\/arxiusoberts.gir.cat\/ca\/arxiu\/gerro-dels-tarongers\/#breadcrumb\",\"itemListElement\":[{\"@type\":\"ListItem\",\"position\":1,\"name\":\"Inici\",\"item\":\"https:\/\/arxiusoberts.gir.cat\/ca\/\"},{\"@type\":\"ListItem\",\"position\":2,\"name\":\"Gerro dels tarongers\"}]},{\"@type\":\"WebSite\",\"@id\":\"https:\/\/arxiusoberts.gir.cat\/ca\/#website\",\"url\":\"https:\/\/arxiusoberts.gir.cat\/ca\/\",\"name\":\"Arxius Oberts\",\"description\":\"Narratives comunit\u00e0ries de Barcelona\",\"potentialAction\":[{\"@type\":\"SearchAction\",\"target\":{\"@type\":\"EntryPoint\",\"urlTemplate\":\"https:\/\/arxiusoberts.gir.cat\/ca\/?s={search_term_string}\"},\"query-input\":\"required name=search_term_string\"}],\"inLanguage\":\"ca\"}]}<\/script>\n<!-- \/ Yoast SEO plugin. -->","yoast_head_json":{"title":"Gerro dels tarongers - Arxius Oberts","robots":{"index":"index","follow":"follow","max-snippet":"max-snippet:-1","max-image-preview":"max-image-preview:large","max-video-preview":"max-video-preview:-1"},"canonical":"https:\/\/arxiusoberts.gir.cat\/ca\/arxiu\/gerro-dels-tarongers\/","og_locale":"ca_ES","og_type":"article","og_title":"Gerro dels tarongers - Arxius Oberts","og_description":"Antoni Serra es va formar com pintor per\u00f2 va acabar dedicat-se plenament a la producci\u00f3 de cer\u00e0mica art\u00edstica despr\u00e9s de l&#8217;any de formaci\u00f3 a la Manufactura de Porcellana de S\u00e8vres. Fund\u00e0 una manufactura al Poblenou, (1904) des d&#8217;on va impulsar la cer\u00e0mica art\u00edstica a l&#8217;\u00e8poca modernista quan va col\u00b7laborar amb els millors artistes del moment: [&hellip;]","og_url":"https:\/\/arxiusoberts.gir.cat\/ca\/arxiu\/gerro-dels-tarongers\/","og_site_name":"Arxius Oberts","article_modified_time":"2022-02-03T17:05:56+00:00","og_image":[{"width":800,"height":800,"url":"https:\/\/arxiusoberts.gir.cat\/wp-content\/uploads\/2021\/12\/https3A2F2Fcoeli-icub-hum.s3-eu-west-1.amazonaws.com2Fpublic2FHeritageObject2FH3701842Fe474a0667f6ee526618cd8f5f457f4c22Ffull2Foriginal2F02Fdefault.jpg","type":"image\/jpeg"}],"twitter_card":"summary_large_image","twitter_misc":{"Temps estimat de lectura":"1 minut"},"schema":{"@context":"https:\/\/schema.org","@graph":[{"@type":"WebPage","@id":"https:\/\/arxiusoberts.gir.cat\/ca\/arxiu\/gerro-dels-tarongers\/","url":"https:\/\/arxiusoberts.gir.cat\/ca\/arxiu\/gerro-dels-tarongers\/","name":"Gerro dels tarongers - Arxius Oberts","isPartOf":{"@id":"https:\/\/arxiusoberts.gir.cat\/ca\/#website"},"datePublished":"2021-12-12T22:04:43+00:00","dateModified":"2022-02-03T17:05:56+00:00","breadcrumb":{"@id":"https:\/\/arxiusoberts.gir.cat\/ca\/arxiu\/gerro-dels-tarongers\/#breadcrumb"},"inLanguage":"ca","potentialAction":[{"@type":"ReadAction","target":["https:\/\/arxiusoberts.gir.cat\/ca\/arxiu\/gerro-dels-tarongers\/"]}]},{"@type":"BreadcrumbList","@id":"https:\/\/arxiusoberts.gir.cat\/ca\/arxiu\/gerro-dels-tarongers\/#breadcrumb","itemListElement":[{"@type":"ListItem","position":1,"name":"Inici","item":"https:\/\/arxiusoberts.gir.cat\/ca\/"},{"@type":"ListItem","position":2,"name":"Gerro dels tarongers"}]},{"@type":"WebSite","@id":"https:\/\/arxiusoberts.gir.cat\/ca\/#website","url":"https:\/\/arxiusoberts.gir.cat\/ca\/","name":"Arxius Oberts","description":"Narratives comunit\u00e0ries de Barcelona","potentialAction":[{"@type":"SearchAction","target":{"@type":"EntryPoint","urlTemplate":"https:\/\/arxiusoberts.gir.cat\/ca\/?s={search_term_string}"},"query-input":"required name=search_term_string"}],"inLanguage":"ca"}]}},"_links":{"self":[{"href":"https:\/\/arxiusoberts.gir.cat\/ca\/wp-json\/wp\/v2\/arxius\/2624"}],"collection":[{"href":"https:\/\/arxiusoberts.gir.cat\/ca\/wp-json\/wp\/v2\/arxius"}],"about":[{"href":"https:\/\/arxiusoberts.gir.cat\/ca\/wp-json\/wp\/v2\/types\/arxius"}],"wp:featuredmedia":[{"embeddable":true,"href":"https:\/\/arxiusoberts.gir.cat\/ca\/wp-json\/wp\/v2\/media\/2625"}],"wp:attachment":[{"href":"https:\/\/arxiusoberts.gir.cat\/ca\/wp-json\/wp\/v2\/media?parent=2624"}],"curies":[{"name":"wp","href":"https:\/\/api.w.org\/{rel}","templated":true}]}}