 {"id":2672,"date":"2021-12-13T00:04:42","date_gmt":"2021-12-12T22:04:42","guid":{"rendered":"http:\/\/localhost\/arxiusoberts.cat\/ca\/?post_type=arxius&#038;p=2672"},"modified":"2022-02-03T19:10:00","modified_gmt":"2022-02-03T17:10:00","slug":"arandella-i-goma-no-1-1","status":"publish","type":"arxius","link":"https:\/\/arxiusoberts.gir.cat\/ca\/arxiu\/arandella-i-goma-no-1-1\/","title":{"rendered":"Arandel\u00b7la i goma n\u00ba 1.1"},"content":{"rendered":"<p>La pe\u00e7a est\u00e0 formada per nombroses unitats de porcellana que, unides entre si per una goma el\u00e0stica, generen una esp\u00e8cie d\u2019escultura m\u00f2bil.nMia Llauder ha desenvolupat la seva carrera art\u00edstica exclusivament a trav\u00e9s del material cer\u00e0mic i t\u00e9 una s\u00f2lida formaci\u00f3 en la disciplina, ja que \u00e9s diplomada en Cer\u00e0mica per l\u2019Escola Massana i en Arts Aplicades per l\u2019escola Llotja de Barcelona. Membre de l\u2019Acad\u00e9mie Internationale de la C\u00e9ramique.nSempre treballa amb porcellana i li agrada jugar amb la dicotomia del blanc i el negre, com en aquest cas, tenyint la porcellana de color negre amb mangan\u00e8s i fent contrastar aquest color amb el blanc de la goma el\u00e0stica que fa de nexe d\u2019uni\u00f3 entre els elements que la componen.nTal com explica ella mateixa, la seva hist\u00f2ria familiar l\u2019apropa al m\u00f3n de les teles i les bobines de fils de colors que la inspiren, convertint aquest codi de petites peces en el seu llenguatge art\u00edstic, donant m\u00e9s import\u00e0ncia a la relaci\u00f3 que les uneix i les converteix en una creaci\u00f3 \u00fanica. Segons la disposici\u00f3 i la uni\u00f3 de cada element, genera una nova obra, d\u2019inspiraci\u00f3 semblant, de resultat totalment diferent en cada ocasi\u00f3.<\/p>\n<p>En aquest cas, s\u2019hi afegeixen altres elements, com ara el lloc on s\u2019instal\u00b7la, amb el joc de buits, llums i ombres que els seus elements generen i que fan que en cada ocasi\u00f3 la pe\u00e7a que es genera sigui \u00fanica.<\/p>\n<p>El Museu conserva tamb\u00e9 d\u2019aquesta s\u00e8rie l\u2019obra MDB 13655.<\/p>\n<p>Isabel Fern\u00e1ndez del Moraln2021<\/p>\n","protected":false},"featured_media":2673,"template":"","yoast_head":"<!-- This site is optimized with the Yoast SEO plugin v21.7 - https:\/\/yoast.com\/wordpress\/plugins\/seo\/ -->\n<title>Arandel\u00b7la i goma n\u00ba 1.1 - Arxius Oberts<\/title>\n<meta name=\"robots\" content=\"index, follow, max-snippet:-1, max-image-preview:large, max-video-preview:-1\" \/>\n<link rel=\"canonical\" href=\"https:\/\/arxiusoberts.gir.cat\/ca\/arxiu\/arandella-i-goma-no-1-1\/\" \/>\n<meta property=\"og:locale\" content=\"ca_ES\" \/>\n<meta property=\"og:type\" content=\"article\" \/>\n<meta property=\"og:title\" content=\"Arandel\u00b7la i goma n\u00ba 1.1 - Arxius Oberts\" \/>\n<meta property=\"og:description\" content=\"La pe\u00e7a est\u00e0 formada per nombroses unitats de porcellana que, unides entre si per una goma el\u00e0stica, generen una esp\u00e8cie d\u2019escultura m\u00f2bil.nMia Llauder ha desenvolupat la seva carrera art\u00edstica exclusivament a trav\u00e9s del material cer\u00e0mic i t\u00e9 una s\u00f2lida formaci\u00f3 en la disciplina, ja que \u00e9s diplomada en Cer\u00e0mica per l\u2019Escola Massana i en Arts [&hellip;]\" \/>\n<meta property=\"og:url\" content=\"https:\/\/arxiusoberts.gir.cat\/ca\/arxiu\/arandella-i-goma-no-1-1\/\" \/>\n<meta property=\"og:site_name\" content=\"Arxius Oberts\" \/>\n<meta property=\"article:modified_time\" content=\"2022-02-03T17:10:00+00:00\" \/>\n<meta property=\"og:image\" content=\"https:\/\/arxiusoberts.gir.cat\/wp-content\/uploads\/2021\/12\/https3A2F2Fcoeli-icub-hum.s3-eu-west-1.amazonaws.com2Fpublic2FHeritageObject2FH7818432F724849bddc3df00f38e50f53c32fb3482Ffull2Foriginal2F02Fdefault.jpeg\" \/>\n\t<meta property=\"og:image:width\" content=\"800\" \/>\n\t<meta property=\"og:image:height\" content=\"800\" \/>\n\t<meta property=\"og:image:type\" content=\"image\/jpeg\" \/>\n<meta name=\"twitter:card\" content=\"summary_large_image\" \/>\n<meta name=\"twitter:label1\" content=\"Temps estimat de lectura\" \/>\n\t<meta name=\"twitter:data1\" content=\"1 minut\" \/>\n<script type=\"application\/ld+json\" class=\"yoast-schema-graph\">{\"@context\":\"https:\/\/schema.org\",\"@graph\":[{\"@type\":\"WebPage\",\"@id\":\"https:\/\/arxiusoberts.gir.cat\/ca\/arxiu\/arandella-i-goma-no-1-1\/\",\"url\":\"https:\/\/arxiusoberts.gir.cat\/ca\/arxiu\/arandella-i-goma-no-1-1\/\",\"name\":\"Arandel\u00b7la i goma n\u00ba 1.1 - Arxius Oberts\",\"isPartOf\":{\"@id\":\"https:\/\/arxiusoberts.gir.cat\/ca\/#website\"},\"datePublished\":\"2021-12-12T22:04:42+00:00\",\"dateModified\":\"2022-02-03T17:10:00+00:00\",\"breadcrumb\":{\"@id\":\"https:\/\/arxiusoberts.gir.cat\/ca\/arxiu\/arandella-i-goma-no-1-1\/#breadcrumb\"},\"inLanguage\":\"ca\",\"potentialAction\":[{\"@type\":\"ReadAction\",\"target\":[\"https:\/\/arxiusoberts.gir.cat\/ca\/arxiu\/arandella-i-goma-no-1-1\/\"]}]},{\"@type\":\"BreadcrumbList\",\"@id\":\"https:\/\/arxiusoberts.gir.cat\/ca\/arxiu\/arandella-i-goma-no-1-1\/#breadcrumb\",\"itemListElement\":[{\"@type\":\"ListItem\",\"position\":1,\"name\":\"Inici\",\"item\":\"https:\/\/arxiusoberts.gir.cat\/ca\/\"},{\"@type\":\"ListItem\",\"position\":2,\"name\":\"Arandel\u00b7la i goma n\u00ba 1.1\"}]},{\"@type\":\"WebSite\",\"@id\":\"https:\/\/arxiusoberts.gir.cat\/ca\/#website\",\"url\":\"https:\/\/arxiusoberts.gir.cat\/ca\/\",\"name\":\"Arxius Oberts\",\"description\":\"Narratives comunit\u00e0ries de Barcelona\",\"potentialAction\":[{\"@type\":\"SearchAction\",\"target\":{\"@type\":\"EntryPoint\",\"urlTemplate\":\"https:\/\/arxiusoberts.gir.cat\/ca\/?s={search_term_string}\"},\"query-input\":\"required name=search_term_string\"}],\"inLanguage\":\"ca\"}]}<\/script>\n<!-- \/ Yoast SEO plugin. -->","yoast_head_json":{"title":"Arandel\u00b7la i goma n\u00ba 1.1 - Arxius Oberts","robots":{"index":"index","follow":"follow","max-snippet":"max-snippet:-1","max-image-preview":"max-image-preview:large","max-video-preview":"max-video-preview:-1"},"canonical":"https:\/\/arxiusoberts.gir.cat\/ca\/arxiu\/arandella-i-goma-no-1-1\/","og_locale":"ca_ES","og_type":"article","og_title":"Arandel\u00b7la i goma n\u00ba 1.1 - Arxius Oberts","og_description":"La pe\u00e7a est\u00e0 formada per nombroses unitats de porcellana que, unides entre si per una goma el\u00e0stica, generen una esp\u00e8cie d\u2019escultura m\u00f2bil.nMia Llauder ha desenvolupat la seva carrera art\u00edstica exclusivament a trav\u00e9s del material cer\u00e0mic i t\u00e9 una s\u00f2lida formaci\u00f3 en la disciplina, ja que \u00e9s diplomada en Cer\u00e0mica per l\u2019Escola Massana i en Arts [&hellip;]","og_url":"https:\/\/arxiusoberts.gir.cat\/ca\/arxiu\/arandella-i-goma-no-1-1\/","og_site_name":"Arxius Oberts","article_modified_time":"2022-02-03T17:10:00+00:00","og_image":[{"width":800,"height":800,"url":"https:\/\/arxiusoberts.gir.cat\/wp-content\/uploads\/2021\/12\/https3A2F2Fcoeli-icub-hum.s3-eu-west-1.amazonaws.com2Fpublic2FHeritageObject2FH7818432F724849bddc3df00f38e50f53c32fb3482Ffull2Foriginal2F02Fdefault.jpeg","type":"image\/jpeg"}],"twitter_card":"summary_large_image","twitter_misc":{"Temps estimat de lectura":"1 minut"},"schema":{"@context":"https:\/\/schema.org","@graph":[{"@type":"WebPage","@id":"https:\/\/arxiusoberts.gir.cat\/ca\/arxiu\/arandella-i-goma-no-1-1\/","url":"https:\/\/arxiusoberts.gir.cat\/ca\/arxiu\/arandella-i-goma-no-1-1\/","name":"Arandel\u00b7la i goma n\u00ba 1.1 - Arxius Oberts","isPartOf":{"@id":"https:\/\/arxiusoberts.gir.cat\/ca\/#website"},"datePublished":"2021-12-12T22:04:42+00:00","dateModified":"2022-02-03T17:10:00+00:00","breadcrumb":{"@id":"https:\/\/arxiusoberts.gir.cat\/ca\/arxiu\/arandella-i-goma-no-1-1\/#breadcrumb"},"inLanguage":"ca","potentialAction":[{"@type":"ReadAction","target":["https:\/\/arxiusoberts.gir.cat\/ca\/arxiu\/arandella-i-goma-no-1-1\/"]}]},{"@type":"BreadcrumbList","@id":"https:\/\/arxiusoberts.gir.cat\/ca\/arxiu\/arandella-i-goma-no-1-1\/#breadcrumb","itemListElement":[{"@type":"ListItem","position":1,"name":"Inici","item":"https:\/\/arxiusoberts.gir.cat\/ca\/"},{"@type":"ListItem","position":2,"name":"Arandel\u00b7la i goma n\u00ba 1.1"}]},{"@type":"WebSite","@id":"https:\/\/arxiusoberts.gir.cat\/ca\/#website","url":"https:\/\/arxiusoberts.gir.cat\/ca\/","name":"Arxius Oberts","description":"Narratives comunit\u00e0ries de Barcelona","potentialAction":[{"@type":"SearchAction","target":{"@type":"EntryPoint","urlTemplate":"https:\/\/arxiusoberts.gir.cat\/ca\/?s={search_term_string}"},"query-input":"required name=search_term_string"}],"inLanguage":"ca"}]}},"_links":{"self":[{"href":"https:\/\/arxiusoberts.gir.cat\/ca\/wp-json\/wp\/v2\/arxius\/2672"}],"collection":[{"href":"https:\/\/arxiusoberts.gir.cat\/ca\/wp-json\/wp\/v2\/arxius"}],"about":[{"href":"https:\/\/arxiusoberts.gir.cat\/ca\/wp-json\/wp\/v2\/types\/arxius"}],"wp:featuredmedia":[{"embeddable":true,"href":"https:\/\/arxiusoberts.gir.cat\/ca\/wp-json\/wp\/v2\/media\/2673"}],"wp:attachment":[{"href":"https:\/\/arxiusoberts.gir.cat\/ca\/wp-json\/wp\/v2\/media?parent=2672"}],"curies":[{"name":"wp","href":"https:\/\/api.w.org\/{rel}","templated":true}]}}