 {"id":2892,"date":"2021-12-13T00:12:15","date_gmt":"2021-12-12T22:12:15","guid":{"rendered":"http:\/\/localhost\/arxiusoberts.cat\/ca\/?post_type=arxius&#038;p=2892"},"modified":"2022-02-03T19:05:55","modified_gmt":"2022-02-03T17:05:55","slug":"cadira-de-tisora","status":"publish","type":"arxius","link":"https:\/\/arxiusoberts.gir.cat\/ca\/arxiu\/cadira-de-tisora\/","title":{"rendered":"cadira de tisora"},"content":{"rendered":"<p>Cadira de bra\u00e7os plegadissa confeccionada per quatre parts que conformen els laterals dels bra\u00e7os i els peus, units dos a dos amb una clavilla central que mant\u00e9 unides les parts i permet tancar la cadira. Aquestes peces, confeccionades a partir d&#8217;una fusta, s\u00f3n de secci\u00f3 rectangular i tenen forma d'&#8221;S&#8221; allargassada. El conjunt est\u00e0 rematat pels bra\u00e7os, als quals s&#8217;encaixen a trau i metxa els muntats i els peus, on tamb\u00e9 s&#8217;encaixen les parts baixes dels quatre muntants, dos a dos a cada costat. Els bra\u00e7os estan obrats a partir d&#8217;una pe\u00e7a, s\u00f3n de secci\u00f3 rectangular i acaben arrodonits a la part frontal, als agafadors. Els peus estan confeccionats amb una pe\u00e7a de secci\u00f3 rectangular acabada a la part frontal amb incisions en forma d&#8217;urpa molt estilitzada. A la part central porten treball de talla d&#8217;ondes retallades.<\/p>\n<p>La decoraci\u00f3 d&#8217;aquest moble es limita a la talla del genoll central que representa una flor d&#8217;onze p\u00e8tals flanquejada per quatre petites flors i la talla perimetral dels muntants amb sortints per tal de fixar el conjunt.<\/p>\n<p>La cadira porta, al respatller i seient, vellut (possiblement de seda) decorat amb passamaneria i un brodat aplicats.<\/p>\n","protected":false},"featured_media":2893,"template":"","yoast_head":"<!-- This site is optimized with the Yoast SEO plugin v21.7 - https:\/\/yoast.com\/wordpress\/plugins\/seo\/ -->\n<title>cadira de tisora - Arxius Oberts<\/title>\n<meta name=\"robots\" content=\"index, follow, max-snippet:-1, max-image-preview:large, max-video-preview:-1\" \/>\n<link rel=\"canonical\" href=\"https:\/\/arxiusoberts.gir.cat\/ca\/arxiu\/cadira-de-tisora\/\" \/>\n<meta property=\"og:locale\" content=\"ca_ES\" \/>\n<meta property=\"og:type\" content=\"article\" \/>\n<meta property=\"og:title\" content=\"cadira de tisora - Arxius Oberts\" \/>\n<meta property=\"og:description\" content=\"Cadira de bra\u00e7os plegadissa confeccionada per quatre parts que conformen els laterals dels bra\u00e7os i els peus, units dos a dos amb una clavilla central que mant\u00e9 unides les parts i permet tancar la cadira. Aquestes peces, confeccionades a partir d&#8217;una fusta, s\u00f3n de secci\u00f3 rectangular i tenen forma d&#039;&#8221;S&#8221; allargassada. El conjunt est\u00e0 rematat [&hellip;]\" \/>\n<meta property=\"og:url\" content=\"https:\/\/arxiusoberts.gir.cat\/ca\/arxiu\/cadira-de-tisora\/\" \/>\n<meta property=\"og:site_name\" content=\"Arxius Oberts\" \/>\n<meta property=\"article:modified_time\" content=\"2022-02-03T17:05:55+00:00\" \/>\n<meta property=\"og:image\" content=\"https:\/\/arxiusoberts.gir.cat\/wp-content\/uploads\/2021\/12\/https3A2F2Fcoeli-icub-hum.s3-eu-west-1.amazonaws.com2Fpublic2FHeritageObject2FH5032842Fbc6b8b7b5a62de99a7f10b8bf9e8c0242Ffull2Foriginal2F02Fdefault.jpg\" \/>\n\t<meta property=\"og:image:width\" content=\"533\" \/>\n\t<meta property=\"og:image:height\" content=\"800\" \/>\n\t<meta property=\"og:image:type\" content=\"image\/jpeg\" \/>\n<meta name=\"twitter:card\" content=\"summary_large_image\" \/>\n<meta name=\"twitter:label1\" content=\"Temps estimat de lectura\" \/>\n\t<meta name=\"twitter:data1\" content=\"1 minut\" \/>\n<script type=\"application\/ld+json\" class=\"yoast-schema-graph\">{\"@context\":\"https:\/\/schema.org\",\"@graph\":[{\"@type\":\"WebPage\",\"@id\":\"https:\/\/arxiusoberts.gir.cat\/ca\/arxiu\/cadira-de-tisora\/\",\"url\":\"https:\/\/arxiusoberts.gir.cat\/ca\/arxiu\/cadira-de-tisora\/\",\"name\":\"cadira de tisora - Arxius Oberts\",\"isPartOf\":{\"@id\":\"https:\/\/arxiusoberts.gir.cat\/ca\/#website\"},\"datePublished\":\"2021-12-12T22:12:15+00:00\",\"dateModified\":\"2022-02-03T17:05:55+00:00\",\"breadcrumb\":{\"@id\":\"https:\/\/arxiusoberts.gir.cat\/ca\/arxiu\/cadira-de-tisora\/#breadcrumb\"},\"inLanguage\":\"ca\",\"potentialAction\":[{\"@type\":\"ReadAction\",\"target\":[\"https:\/\/arxiusoberts.gir.cat\/ca\/arxiu\/cadira-de-tisora\/\"]}]},{\"@type\":\"BreadcrumbList\",\"@id\":\"https:\/\/arxiusoberts.gir.cat\/ca\/arxiu\/cadira-de-tisora\/#breadcrumb\",\"itemListElement\":[{\"@type\":\"ListItem\",\"position\":1,\"name\":\"Inici\",\"item\":\"https:\/\/arxiusoberts.gir.cat\/ca\/\"},{\"@type\":\"ListItem\",\"position\":2,\"name\":\"cadira de tisora\"}]},{\"@type\":\"WebSite\",\"@id\":\"https:\/\/arxiusoberts.gir.cat\/ca\/#website\",\"url\":\"https:\/\/arxiusoberts.gir.cat\/ca\/\",\"name\":\"Arxius Oberts\",\"description\":\"Narratives comunit\u00e0ries de Barcelona\",\"potentialAction\":[{\"@type\":\"SearchAction\",\"target\":{\"@type\":\"EntryPoint\",\"urlTemplate\":\"https:\/\/arxiusoberts.gir.cat\/ca\/?s={search_term_string}\"},\"query-input\":\"required name=search_term_string\"}],\"inLanguage\":\"ca\"}]}<\/script>\n<!-- \/ Yoast SEO plugin. -->","yoast_head_json":{"title":"cadira de tisora - Arxius Oberts","robots":{"index":"index","follow":"follow","max-snippet":"max-snippet:-1","max-image-preview":"max-image-preview:large","max-video-preview":"max-video-preview:-1"},"canonical":"https:\/\/arxiusoberts.gir.cat\/ca\/arxiu\/cadira-de-tisora\/","og_locale":"ca_ES","og_type":"article","og_title":"cadira de tisora - Arxius Oberts","og_description":"Cadira de bra\u00e7os plegadissa confeccionada per quatre parts que conformen els laterals dels bra\u00e7os i els peus, units dos a dos amb una clavilla central que mant\u00e9 unides les parts i permet tancar la cadira. Aquestes peces, confeccionades a partir d&#8217;una fusta, s\u00f3n de secci\u00f3 rectangular i tenen forma d'&#8221;S&#8221; allargassada. El conjunt est\u00e0 rematat [&hellip;]","og_url":"https:\/\/arxiusoberts.gir.cat\/ca\/arxiu\/cadira-de-tisora\/","og_site_name":"Arxius Oberts","article_modified_time":"2022-02-03T17:05:55+00:00","og_image":[{"width":533,"height":800,"url":"https:\/\/arxiusoberts.gir.cat\/wp-content\/uploads\/2021\/12\/https3A2F2Fcoeli-icub-hum.s3-eu-west-1.amazonaws.com2Fpublic2FHeritageObject2FH5032842Fbc6b8b7b5a62de99a7f10b8bf9e8c0242Ffull2Foriginal2F02Fdefault.jpg","type":"image\/jpeg"}],"twitter_card":"summary_large_image","twitter_misc":{"Temps estimat de lectura":"1 minut"},"schema":{"@context":"https:\/\/schema.org","@graph":[{"@type":"WebPage","@id":"https:\/\/arxiusoberts.gir.cat\/ca\/arxiu\/cadira-de-tisora\/","url":"https:\/\/arxiusoberts.gir.cat\/ca\/arxiu\/cadira-de-tisora\/","name":"cadira de tisora - Arxius Oberts","isPartOf":{"@id":"https:\/\/arxiusoberts.gir.cat\/ca\/#website"},"datePublished":"2021-12-12T22:12:15+00:00","dateModified":"2022-02-03T17:05:55+00:00","breadcrumb":{"@id":"https:\/\/arxiusoberts.gir.cat\/ca\/arxiu\/cadira-de-tisora\/#breadcrumb"},"inLanguage":"ca","potentialAction":[{"@type":"ReadAction","target":["https:\/\/arxiusoberts.gir.cat\/ca\/arxiu\/cadira-de-tisora\/"]}]},{"@type":"BreadcrumbList","@id":"https:\/\/arxiusoberts.gir.cat\/ca\/arxiu\/cadira-de-tisora\/#breadcrumb","itemListElement":[{"@type":"ListItem","position":1,"name":"Inici","item":"https:\/\/arxiusoberts.gir.cat\/ca\/"},{"@type":"ListItem","position":2,"name":"cadira de tisora"}]},{"@type":"WebSite","@id":"https:\/\/arxiusoberts.gir.cat\/ca\/#website","url":"https:\/\/arxiusoberts.gir.cat\/ca\/","name":"Arxius Oberts","description":"Narratives comunit\u00e0ries de Barcelona","potentialAction":[{"@type":"SearchAction","target":{"@type":"EntryPoint","urlTemplate":"https:\/\/arxiusoberts.gir.cat\/ca\/?s={search_term_string}"},"query-input":"required name=search_term_string"}],"inLanguage":"ca"}]}},"_links":{"self":[{"href":"https:\/\/arxiusoberts.gir.cat\/ca\/wp-json\/wp\/v2\/arxius\/2892"}],"collection":[{"href":"https:\/\/arxiusoberts.gir.cat\/ca\/wp-json\/wp\/v2\/arxius"}],"about":[{"href":"https:\/\/arxiusoberts.gir.cat\/ca\/wp-json\/wp\/v2\/types\/arxius"}],"wp:featuredmedia":[{"embeddable":true,"href":"https:\/\/arxiusoberts.gir.cat\/ca\/wp-json\/wp\/v2\/media\/2893"}],"wp:attachment":[{"href":"https:\/\/arxiusoberts.gir.cat\/ca\/wp-json\/wp\/v2\/media?parent=2892"}],"curies":[{"name":"wp","href":"https:\/\/api.w.org\/{rel}","templated":true}]}}