 {"id":2910,"date":"2021-12-13T00:12:15","date_gmt":"2021-12-12T22:12:15","guid":{"rendered":"http:\/\/localhost\/arxiusoberts.cat\/ca\/?post_type=arxius&#038;p=2910"},"modified":"2022-02-03T19:05:54","modified_gmt":"2022-02-03T17:05:54","slug":"na-3972","status":"publish","type":"arxius","link":"https:\/\/arxiusoberts.gir.cat\/ca\/arxiu\/na-3972\/","title":{"rendered":"NA 3972"},"content":{"rendered":"<p>MADOM fou una empresa de vida curta. El nom prov\u00e9 de la conjunci\u00f3 de la primera s\u00edl\u00b7laba dels cognoms dels dos fundadors: Matos (botiguer amb establiment de mobiliari a la Barceloneta) i DOMper (enginyer industrial que havia desenvolupat el sistema &#8220;touch&#8221; d\u2019encesa t\u00e0ctil i que tamb\u00e9 havia importat components per a la fabricaci\u00f3 dels &#8220;divilux&#8221; per a la regulaci\u00f3 d\u2019intensitat de la llum.nFou per a aquesta empresa en qu\u00e8 Magem treballa com a \u00fanic dissenyador, desenvolupant desenes de models de l\u00e0mpades que tenien com a denominadors comuns una est\u00e8tica maquinista i la utilitzaci\u00f3 del regulador d\u2019intensitat.nAquest model (anomenat col\u00b7loquialment pel seu autor com a Bocazas) com molts altres de la mateixa firma, responen a la voluntat d\u2019assolir unes resolucions formals sofisticades que poc tenien a veure amb els processos artesans amb qu\u00e8 es constru\u00efen. El difusor format per dues meitats d\u2019esfera, s\u2019assolia mitjan\u00e7ant un repulsat manual.nEl model es va proposar amb acabats exteriors cromat o lacat en vermell, groc, verd i marr\u00f3; tamb\u00e9 se\u2019n va fer una edici\u00f3 amb daurat (proc\u00e9s electrol\u00edtic). Pel que fa a l\u2019interior del difusor, donat que la intencionalitat d\u2019aquesta l\u00e0mpada \u00e9s crear una llum ambiental o atmosf\u00e8rica, els primers models es produ\u00efen amb l\u2019interior lacat en blanc, posteriorment aquest es va corregir (\u00e9s el cas del model que conserva el Museu) per un lacat verd menta que disminu\u00eds l\u2019enlluernament de l\u2019usuari amb la reflexi\u00f3 de la llum que la bombeta de cap platejat projecta.nAquest disseny respon a la voluntat de crear nous conceptes de tractament de la il\u00b7luminaci\u00f3 dom\u00e8stica.<\/p>\n<p>Guillem Celada<\/p>\n","protected":false},"featured_media":2911,"template":"","yoast_head":"<!-- This site is optimized with the Yoast SEO plugin v21.7 - https:\/\/yoast.com\/wordpress\/plugins\/seo\/ -->\n<title>NA 3972 - Arxius Oberts<\/title>\n<meta name=\"robots\" content=\"index, follow, max-snippet:-1, max-image-preview:large, max-video-preview:-1\" \/>\n<link rel=\"canonical\" href=\"https:\/\/arxiusoberts.gir.cat\/ca\/arxiu\/na-3972\/\" \/>\n<meta property=\"og:locale\" content=\"ca_ES\" \/>\n<meta property=\"og:type\" content=\"article\" \/>\n<meta property=\"og:title\" content=\"NA 3972 - Arxius Oberts\" \/>\n<meta property=\"og:description\" content=\"MADOM fou una empresa de vida curta. El nom prov\u00e9 de la conjunci\u00f3 de la primera s\u00edl\u00b7laba dels cognoms dels dos fundadors: Matos (botiguer amb establiment de mobiliari a la Barceloneta) i DOMper (enginyer industrial que havia desenvolupat el sistema &#8220;touch&#8221; d\u2019encesa t\u00e0ctil i que tamb\u00e9 havia importat components per a la fabricaci\u00f3 dels &#8220;divilux&#8221; [&hellip;]\" \/>\n<meta property=\"og:url\" content=\"https:\/\/arxiusoberts.gir.cat\/ca\/arxiu\/na-3972\/\" \/>\n<meta property=\"og:site_name\" content=\"Arxius Oberts\" \/>\n<meta property=\"article:modified_time\" content=\"2022-02-03T17:05:54+00:00\" \/>\n<meta property=\"og:image\" content=\"https:\/\/arxiusoberts.gir.cat\/wp-content\/uploads\/2021\/12\/https3A2F2Fcoeli-icub-hum.s3-eu-west-1.amazonaws.com2Fpublic2FHeritageObject2FH7327382F3141a8bd93266f8aea4778125117a06e2Ffull2Foriginal2F02Fdefault.jpg\" \/>\n\t<meta property=\"og:image:width\" content=\"570\" \/>\n\t<meta property=\"og:image:height\" content=\"800\" \/>\n\t<meta property=\"og:image:type\" content=\"image\/jpeg\" \/>\n<meta name=\"twitter:card\" content=\"summary_large_image\" \/>\n<meta name=\"twitter:label1\" content=\"Temps estimat de lectura\" \/>\n\t<meta name=\"twitter:data1\" content=\"1 minut\" \/>\n<script type=\"application\/ld+json\" class=\"yoast-schema-graph\">{\"@context\":\"https:\/\/schema.org\",\"@graph\":[{\"@type\":\"WebPage\",\"@id\":\"https:\/\/arxiusoberts.gir.cat\/ca\/arxiu\/na-3972\/\",\"url\":\"https:\/\/arxiusoberts.gir.cat\/ca\/arxiu\/na-3972\/\",\"name\":\"NA 3972 - Arxius Oberts\",\"isPartOf\":{\"@id\":\"https:\/\/arxiusoberts.gir.cat\/ca\/#website\"},\"datePublished\":\"2021-12-12T22:12:15+00:00\",\"dateModified\":\"2022-02-03T17:05:54+00:00\",\"breadcrumb\":{\"@id\":\"https:\/\/arxiusoberts.gir.cat\/ca\/arxiu\/na-3972\/#breadcrumb\"},\"inLanguage\":\"ca\",\"potentialAction\":[{\"@type\":\"ReadAction\",\"target\":[\"https:\/\/arxiusoberts.gir.cat\/ca\/arxiu\/na-3972\/\"]}]},{\"@type\":\"BreadcrumbList\",\"@id\":\"https:\/\/arxiusoberts.gir.cat\/ca\/arxiu\/na-3972\/#breadcrumb\",\"itemListElement\":[{\"@type\":\"ListItem\",\"position\":1,\"name\":\"Inici\",\"item\":\"https:\/\/arxiusoberts.gir.cat\/ca\/\"},{\"@type\":\"ListItem\",\"position\":2,\"name\":\"NA 3972\"}]},{\"@type\":\"WebSite\",\"@id\":\"https:\/\/arxiusoberts.gir.cat\/ca\/#website\",\"url\":\"https:\/\/arxiusoberts.gir.cat\/ca\/\",\"name\":\"Arxius Oberts\",\"description\":\"Narratives comunit\u00e0ries de Barcelona\",\"potentialAction\":[{\"@type\":\"SearchAction\",\"target\":{\"@type\":\"EntryPoint\",\"urlTemplate\":\"https:\/\/arxiusoberts.gir.cat\/ca\/?s={search_term_string}\"},\"query-input\":\"required name=search_term_string\"}],\"inLanguage\":\"ca\"}]}<\/script>\n<!-- \/ Yoast SEO plugin. -->","yoast_head_json":{"title":"NA 3972 - Arxius Oberts","robots":{"index":"index","follow":"follow","max-snippet":"max-snippet:-1","max-image-preview":"max-image-preview:large","max-video-preview":"max-video-preview:-1"},"canonical":"https:\/\/arxiusoberts.gir.cat\/ca\/arxiu\/na-3972\/","og_locale":"ca_ES","og_type":"article","og_title":"NA 3972 - Arxius Oberts","og_description":"MADOM fou una empresa de vida curta. El nom prov\u00e9 de la conjunci\u00f3 de la primera s\u00edl\u00b7laba dels cognoms dels dos fundadors: Matos (botiguer amb establiment de mobiliari a la Barceloneta) i DOMper (enginyer industrial que havia desenvolupat el sistema &#8220;touch&#8221; d\u2019encesa t\u00e0ctil i que tamb\u00e9 havia importat components per a la fabricaci\u00f3 dels &#8220;divilux&#8221; [&hellip;]","og_url":"https:\/\/arxiusoberts.gir.cat\/ca\/arxiu\/na-3972\/","og_site_name":"Arxius Oberts","article_modified_time":"2022-02-03T17:05:54+00:00","og_image":[{"width":570,"height":800,"url":"https:\/\/arxiusoberts.gir.cat\/wp-content\/uploads\/2021\/12\/https3A2F2Fcoeli-icub-hum.s3-eu-west-1.amazonaws.com2Fpublic2FHeritageObject2FH7327382F3141a8bd93266f8aea4778125117a06e2Ffull2Foriginal2F02Fdefault.jpg","type":"image\/jpeg"}],"twitter_card":"summary_large_image","twitter_misc":{"Temps estimat de lectura":"1 minut"},"schema":{"@context":"https:\/\/schema.org","@graph":[{"@type":"WebPage","@id":"https:\/\/arxiusoberts.gir.cat\/ca\/arxiu\/na-3972\/","url":"https:\/\/arxiusoberts.gir.cat\/ca\/arxiu\/na-3972\/","name":"NA 3972 - Arxius Oberts","isPartOf":{"@id":"https:\/\/arxiusoberts.gir.cat\/ca\/#website"},"datePublished":"2021-12-12T22:12:15+00:00","dateModified":"2022-02-03T17:05:54+00:00","breadcrumb":{"@id":"https:\/\/arxiusoberts.gir.cat\/ca\/arxiu\/na-3972\/#breadcrumb"},"inLanguage":"ca","potentialAction":[{"@type":"ReadAction","target":["https:\/\/arxiusoberts.gir.cat\/ca\/arxiu\/na-3972\/"]}]},{"@type":"BreadcrumbList","@id":"https:\/\/arxiusoberts.gir.cat\/ca\/arxiu\/na-3972\/#breadcrumb","itemListElement":[{"@type":"ListItem","position":1,"name":"Inici","item":"https:\/\/arxiusoberts.gir.cat\/ca\/"},{"@type":"ListItem","position":2,"name":"NA 3972"}]},{"@type":"WebSite","@id":"https:\/\/arxiusoberts.gir.cat\/ca\/#website","url":"https:\/\/arxiusoberts.gir.cat\/ca\/","name":"Arxius Oberts","description":"Narratives comunit\u00e0ries de Barcelona","potentialAction":[{"@type":"SearchAction","target":{"@type":"EntryPoint","urlTemplate":"https:\/\/arxiusoberts.gir.cat\/ca\/?s={search_term_string}"},"query-input":"required name=search_term_string"}],"inLanguage":"ca"}]}},"_links":{"self":[{"href":"https:\/\/arxiusoberts.gir.cat\/ca\/wp-json\/wp\/v2\/arxius\/2910"}],"collection":[{"href":"https:\/\/arxiusoberts.gir.cat\/ca\/wp-json\/wp\/v2\/arxius"}],"about":[{"href":"https:\/\/arxiusoberts.gir.cat\/ca\/wp-json\/wp\/v2\/types\/arxius"}],"wp:featuredmedia":[{"embeddable":true,"href":"https:\/\/arxiusoberts.gir.cat\/ca\/wp-json\/wp\/v2\/media\/2911"}],"wp:attachment":[{"href":"https:\/\/arxiusoberts.gir.cat\/ca\/wp-json\/wp\/v2\/media?parent=2910"}],"curies":[{"name":"wp","href":"https:\/\/api.w.org\/{rel}","templated":true}]}}