 {"id":4570,"date":"2023-11-27T17:04:58","date_gmt":"2023-11-27T15:04:58","guid":{"rendered":"https:\/\/arxiusoberts.gir.cat\/ca\/arxiu\/ii-festival-de-musica-de-vanguardia-de-san-sebastian\/"},"modified":"2023-11-27T18:37:10","modified_gmt":"2023-11-27T16:37:10","slug":"ii-festival-de-musica-de-vanguardia-de-san-sebastian","status":"publish","type":"arxius","link":"https:\/\/arxiusoberts.gir.cat\/ca\/arxiu\/ii-festival-de-musica-de-vanguardia-de-san-sebastian\/","title":{"rendered":"II Festival de M\u00fasica de Vanguardia de San Sebasti\u00e1n"},"content":{"rendered":"<p>Fotografia on apareixen Anna Bofill, Josep Maria Mestres Quadreny, Josep Cerc\u00f3s i Ram\u00f3n Barce.<\/p>\n","protected":false},"featured_media":4513,"template":"","yoast_head":"<!-- This site is optimized with the Yoast SEO plugin v21.7 - https:\/\/yoast.com\/wordpress\/plugins\/seo\/ -->\n<title>II Festival de M\u00fasica de Vanguardia de San Sebasti\u00e1n - Arxius Oberts<\/title>\n<meta name=\"robots\" content=\"index, follow, max-snippet:-1, max-image-preview:large, max-video-preview:-1\" \/>\n<link rel=\"canonical\" href=\"https:\/\/arxiusoberts.gir.cat\/ca\/arxiu\/ii-festival-de-musica-de-vanguardia-de-san-sebastian\/\" \/>\n<meta property=\"og:locale\" content=\"ca_ES\" \/>\n<meta property=\"og:type\" content=\"article\" \/>\n<meta property=\"og:title\" content=\"II Festival de M\u00fasica de Vanguardia de San Sebasti\u00e1n - Arxius Oberts\" \/>\n<meta property=\"og:description\" content=\"Fotografia on apareixen Anna Bofill, Josep Maria Mestres Quadreny, Josep Cerc\u00f3s i Ram\u00f3n Barce.\" \/>\n<meta property=\"og:url\" content=\"https:\/\/arxiusoberts.gir.cat\/ca\/arxiu\/ii-festival-de-musica-de-vanguardia-de-san-sebastian\/\" \/>\n<meta property=\"og:site_name\" content=\"Arxius Oberts\" \/>\n<meta property=\"article:modified_time\" content=\"2023-11-27T16:37:10+00:00\" \/>\n<meta property=\"og:image\" content=\"https:\/\/arxiusoberts.gir.cat\/wp-content\/uploads\/2023\/10\/AB11_1974-Annacompositors-Donosti-rotated.jpeg\" \/>\n\t<meta property=\"og:image:width\" content=\"2102\" \/>\n\t<meta property=\"og:image:height\" content=\"1513\" \/>\n\t<meta property=\"og:image:type\" content=\"image\/jpeg\" \/>\n<meta name=\"twitter:card\" content=\"summary_large_image\" \/>\n<meta name=\"twitter:label1\" content=\"Temps estimat de lectura\" \/>\n\t<meta name=\"twitter:data1\" content=\"1 minut\" \/>\n<script type=\"application\/ld+json\" class=\"yoast-schema-graph\">{\"@context\":\"https:\/\/schema.org\",\"@graph\":[{\"@type\":\"WebPage\",\"@id\":\"https:\/\/arxiusoberts.gir.cat\/ca\/arxiu\/ii-festival-de-musica-de-vanguardia-de-san-sebastian\/\",\"url\":\"https:\/\/arxiusoberts.gir.cat\/ca\/arxiu\/ii-festival-de-musica-de-vanguardia-de-san-sebastian\/\",\"name\":\"II Festival de M\u00fasica de Vanguardia de San Sebasti\u00e1n - Arxius Oberts\",\"isPartOf\":{\"@id\":\"https:\/\/arxiusoberts.gir.cat\/ca\/#website\"},\"datePublished\":\"2023-11-27T15:04:58+00:00\",\"dateModified\":\"2023-11-27T16:37:10+00:00\",\"breadcrumb\":{\"@id\":\"https:\/\/arxiusoberts.gir.cat\/ca\/arxiu\/ii-festival-de-musica-de-vanguardia-de-san-sebastian\/#breadcrumb\"},\"inLanguage\":\"ca\",\"potentialAction\":[{\"@type\":\"ReadAction\",\"target\":[\"https:\/\/arxiusoberts.gir.cat\/ca\/arxiu\/ii-festival-de-musica-de-vanguardia-de-san-sebastian\/\"]}]},{\"@type\":\"BreadcrumbList\",\"@id\":\"https:\/\/arxiusoberts.gir.cat\/ca\/arxiu\/ii-festival-de-musica-de-vanguardia-de-san-sebastian\/#breadcrumb\",\"itemListElement\":[{\"@type\":\"ListItem\",\"position\":1,\"name\":\"Inici\",\"item\":\"https:\/\/arxiusoberts.gir.cat\/ca\/\"},{\"@type\":\"ListItem\",\"position\":2,\"name\":\"II Festival de M\u00fasica de Vanguardia de San Sebasti\u00e1n\"}]},{\"@type\":\"WebSite\",\"@id\":\"https:\/\/arxiusoberts.gir.cat\/ca\/#website\",\"url\":\"https:\/\/arxiusoberts.gir.cat\/ca\/\",\"name\":\"Arxius Oberts\",\"description\":\"Narratives comunit\u00e0ries de Barcelona\",\"potentialAction\":[{\"@type\":\"SearchAction\",\"target\":{\"@type\":\"EntryPoint\",\"urlTemplate\":\"https:\/\/arxiusoberts.gir.cat\/ca\/?s={search_term_string}\"},\"query-input\":\"required name=search_term_string\"}],\"inLanguage\":\"ca\"}]}<\/script>\n<!-- \/ Yoast SEO plugin. -->","yoast_head_json":{"title":"II Festival de M\u00fasica de Vanguardia de San Sebasti\u00e1n - Arxius Oberts","robots":{"index":"index","follow":"follow","max-snippet":"max-snippet:-1","max-image-preview":"max-image-preview:large","max-video-preview":"max-video-preview:-1"},"canonical":"https:\/\/arxiusoberts.gir.cat\/ca\/arxiu\/ii-festival-de-musica-de-vanguardia-de-san-sebastian\/","og_locale":"ca_ES","og_type":"article","og_title":"II Festival de M\u00fasica de Vanguardia de San Sebasti\u00e1n - Arxius Oberts","og_description":"Fotografia on apareixen Anna Bofill, Josep Maria Mestres Quadreny, Josep Cerc\u00f3s i Ram\u00f3n Barce.","og_url":"https:\/\/arxiusoberts.gir.cat\/ca\/arxiu\/ii-festival-de-musica-de-vanguardia-de-san-sebastian\/","og_site_name":"Arxius Oberts","article_modified_time":"2023-11-27T16:37:10+00:00","og_image":[{"width":2102,"height":1513,"url":"https:\/\/arxiusoberts.gir.cat\/wp-content\/uploads\/2023\/10\/AB11_1974-Annacompositors-Donosti-rotated.jpeg","type":"image\/jpeg"}],"twitter_card":"summary_large_image","twitter_misc":{"Temps estimat de lectura":"1 minut"},"schema":{"@context":"https:\/\/schema.org","@graph":[{"@type":"WebPage","@id":"https:\/\/arxiusoberts.gir.cat\/ca\/arxiu\/ii-festival-de-musica-de-vanguardia-de-san-sebastian\/","url":"https:\/\/arxiusoberts.gir.cat\/ca\/arxiu\/ii-festival-de-musica-de-vanguardia-de-san-sebastian\/","name":"II Festival de M\u00fasica de Vanguardia de San Sebasti\u00e1n - Arxius Oberts","isPartOf":{"@id":"https:\/\/arxiusoberts.gir.cat\/ca\/#website"},"datePublished":"2023-11-27T15:04:58+00:00","dateModified":"2023-11-27T16:37:10+00:00","breadcrumb":{"@id":"https:\/\/arxiusoberts.gir.cat\/ca\/arxiu\/ii-festival-de-musica-de-vanguardia-de-san-sebastian\/#breadcrumb"},"inLanguage":"ca","potentialAction":[{"@type":"ReadAction","target":["https:\/\/arxiusoberts.gir.cat\/ca\/arxiu\/ii-festival-de-musica-de-vanguardia-de-san-sebastian\/"]}]},{"@type":"BreadcrumbList","@id":"https:\/\/arxiusoberts.gir.cat\/ca\/arxiu\/ii-festival-de-musica-de-vanguardia-de-san-sebastian\/#breadcrumb","itemListElement":[{"@type":"ListItem","position":1,"name":"Inici","item":"https:\/\/arxiusoberts.gir.cat\/ca\/"},{"@type":"ListItem","position":2,"name":"II Festival de M\u00fasica de Vanguardia de San Sebasti\u00e1n"}]},{"@type":"WebSite","@id":"https:\/\/arxiusoberts.gir.cat\/ca\/#website","url":"https:\/\/arxiusoberts.gir.cat\/ca\/","name":"Arxius Oberts","description":"Narratives comunit\u00e0ries de Barcelona","potentialAction":[{"@type":"SearchAction","target":{"@type":"EntryPoint","urlTemplate":"https:\/\/arxiusoberts.gir.cat\/ca\/?s={search_term_string}"},"query-input":"required name=search_term_string"}],"inLanguage":"ca"}]}},"_links":{"self":[{"href":"https:\/\/arxiusoberts.gir.cat\/ca\/wp-json\/wp\/v2\/arxius\/4570"}],"collection":[{"href":"https:\/\/arxiusoberts.gir.cat\/ca\/wp-json\/wp\/v2\/arxius"}],"about":[{"href":"https:\/\/arxiusoberts.gir.cat\/ca\/wp-json\/wp\/v2\/types\/arxius"}],"wp:featuredmedia":[{"embeddable":true,"href":"https:\/\/arxiusoberts.gir.cat\/ca\/wp-json\/wp\/v2\/media\/4513"}],"wp:attachment":[{"href":"https:\/\/arxiusoberts.gir.cat\/ca\/wp-json\/wp\/v2\/media?parent=4570"}],"curies":[{"name":"wp","href":"https:\/\/api.w.org\/{rel}","templated":true}]}}